{"id":940,"date":"2019-10-04T11:30:17","date_gmt":"2019-10-04T09:30:17","guid":{"rendered":"https:\/\/air-association.fr\/?page_id=940"},"modified":"2021-07-29T15:13:27","modified_gmt":"2021-07-29T13:13:27","slug":"lequipe","status":"publish","type":"page","link":"https:\/\/www.air-asso.org\/index.php\/lequipe\/","title":{"rendered":"L&#8217;\u00e9quipe"},"content":{"rendered":"\n<div class=\"wp-block-media-text alignwide is-vertically-aligned-top\" style=\"grid-template-columns:19% auto\"><figure class=\"wp-block-media-text__media\"><img data-recalc-dims=\"1\" loading=\"lazy\" decoding=\"async\" width=\"208\" height=\"311\" src=\"https:\/\/i0.wp.com\/www.wor.air-asso.org\/wp-content\/uploads\/2019\/10\/Jean-Fran%C3%A7ois-Grelier.jpg?resize=208%2C311\" alt=\"\" class=\"wp-image-1092 size-full\" srcset=\"https:\/\/i0.wp.com\/www.air-asso.org\/wp-content\/uploads\/2019\/10\/Jean-Fran%C3%A7ois-Grelier.jpg?w=208&amp;ssl=1 208w, https:\/\/i0.wp.com\/www.air-asso.org\/wp-content\/uploads\/2019\/10\/Jean-Fran%C3%A7ois-Grelier.jpg?resize=201%2C300&amp;ssl=1 201w\" sizes=\"auto, (max-width: 208px) 100vw, 208px\" \/><\/figure><div class=\"wp-block-media-text__content\">\n<p class=\"has-medium-font-size\"><span class=\"tadv-color\" style=\"color: #328387;\"><strong>Jean-F<\/strong><\/span><strong><span class=\"tadv-color\" style=\"color: #328387;\">ran\u00e7ois GREL<\/span><\/strong><span class=\"tadv-color\" style=\"color: #328387;\"><strong>IER<\/strong>, Pr\u00e9sident<\/span><\/p>\n\n\n\n<p>Malvoyant, Jean-Fran\u00e7ois a pris des cours \u00e0 l&#8217;association&#8230; et ne l\u2019a plus quitt\u00e9e ! B\u00e9n\u00e9vole de longue date, notre pr\u00e9sident nous apporte sa z\u00e9nitude \u00e0 toute \u00e9preuve, sa clairvoyance du monde des associations et sa disponibilit\u00e9 infaillible&#8230; au t\u00e9l\u00e9phone, car ce professionnel de l&#8217;assurance est encore en activit\u00e9 mais il sait s&#8217;appuyer sur les comp\u00e9tences de l\u2019\u00e9quipe de b\u00e9n\u00e9voles pour p\u00e9renniser l\u2019action d&#8217;A.I.R. C\u00f4t\u00e9 loisirs, sa vue basse ne l&#8217;emp\u00eache pas d&#8217;\u00eatre passionn\u00e9 de photo et d\u2019astronomie, ce qui n\u2019est qu\u2019un des nombreux paradoxes de sa personnalit\u00e9 !<\/p>\n\n\n\n<blockquote class=\"wp-block-quote has-text-align-left is-layout-flow wp-block-quote-is-layout-flow\"><p><em>\u00ab&nbsp;M\u00eame les yeux ferm\u00e9s, je r\u00e9fl\u00e9chis ! \u00bb<\/em><\/p><\/blockquote>\n<\/div><\/div>\n\n\n\n<hr class=\"wp-block-separator has-text-color has-background is-style-default\" style=\"background-color:#328387;color:#328387\"\/>\n\n\n\n<div class=\"wp-block-media-text alignwide is-vertically-aligned-top\" style=\"grid-template-columns:19% auto\"><figure class=\"wp-block-media-text__media\"><img data-recalc-dims=\"1\" loading=\"lazy\" decoding=\"async\" width=\"760\" height=\"864\" src=\"https:\/\/i0.wp.com\/www.wor.air-asso.org\/wp-content\/uploads\/2019\/10\/Chantal-chamoux.jpg?resize=760%2C864\" alt=\"Photo visage de Chantal Chamoux\" class=\"wp-image-1110 size-full\" srcset=\"https:\/\/i0.wp.com\/www.air-asso.org\/wp-content\/uploads\/2019\/10\/Chantal-chamoux.jpg?w=820&amp;ssl=1 820w, https:\/\/i0.wp.com\/www.air-asso.org\/wp-content\/uploads\/2019\/10\/Chantal-chamoux.jpg?resize=264%2C300&amp;ssl=1 264w, https:\/\/i0.wp.com\/www.air-asso.org\/wp-content\/uploads\/2019\/10\/Chantal-chamoux.jpg?resize=768%2C873&amp;ssl=1 768w\" sizes=\"auto, (max-width: 760px) 100vw, 760px\" \/><\/figure><div class=\"wp-block-media-text__content\">\n<p class=\"has-medium-font-size\"><span class=\"tadv-color\" style=\"color: #328387;\"><strong>Chantal CHAMOUX<\/strong>, accueil<\/span><\/p>\n\n\n\n<p>Chantal (la blonde), le sourire qui illumine nos jeudis, sera ravie de vous donner le d\u00e9roul\u00e9 de la formation et de vous inscrire \u00e9ventuellement. Sous son regard s\u00e9rieux se cache une personne chaleureuse, accueillante et pleine d\u2019humour.<br>Elle n&#8217;a pas son pareil pour raconter des histoires irr\u00e9sistibles avec la fra\u00eecheur et la spontan\u00e9it\u00e9 qui la rendent si dr\u00f4le et attachante !<\/p>\n\n\n\n<blockquote class=\"wp-block-quote is-layout-flow wp-block-quote-is-layout-flow\"><p><em>\u00ab Donner un peu de temps \u00e0 l\u2019association : un vrai plaisir et la sensation d\u2019\u00eatre utile avec des formateurs plein d\u2019allant et des stagiaires qui \u00e9voluent pour notre plus grande joie. Tout cela fait que je suis tr\u00e8s heureuse d\u2019\u00eatre parmi les b\u00e9n\u00e9voles de A.I.R. \u00bb<\/em><\/p><\/blockquote>\n<\/div><\/div>\n\n\n\n<hr class=\"wp-block-separator has-text-color has-background is-style-default\" style=\"background-color:#328387;color:#328387\"\/>\n\n\n\n<div class=\"wp-block-media-text alignwide is-vertically-aligned-top\" style=\"grid-template-columns:19% auto\"><figure class=\"wp-block-media-text__media\"><img data-recalc-dims=\"1\" loading=\"lazy\" decoding=\"async\" width=\"760\" height=\"1039\" src=\"https:\/\/i0.wp.com\/www.wor.air-asso.org\/wp-content\/uploads\/2019\/10\/Jo%C3%ABl-Avril.jpg?resize=760%2C1039\" alt=\"Photo visage Jo\u00ebl avril\" class=\"wp-image-1081 size-full\" srcset=\"https:\/\/i0.wp.com\/www.air-asso.org\/wp-content\/uploads\/2019\/10\/Jo%C3%ABl-Avril.jpg?w=1176&amp;ssl=1 1176w, https:\/\/i0.wp.com\/www.air-asso.org\/wp-content\/uploads\/2019\/10\/Jo%C3%ABl-Avril.jpg?resize=219%2C300&amp;ssl=1 219w, https:\/\/i0.wp.com\/www.air-asso.org\/wp-content\/uploads\/2019\/10\/Jo%C3%ABl-Avril.jpg?resize=768%2C1050&amp;ssl=1 768w, https:\/\/i0.wp.com\/www.air-asso.org\/wp-content\/uploads\/2019\/10\/Jo%C3%ABl-Avril.jpg?resize=749%2C1024&amp;ssl=1 749w\" sizes=\"auto, (max-width: 760px) 100vw, 760px\" \/><\/figure><div class=\"wp-block-media-text__content\">\n<p class=\"has-text-align-left has-medium-font-size\"><span class=\"tadv-color\" style=\"color: #328387;\"><strong>Jo\u00ebl AVRIL<\/strong>, accueil<\/span><\/p>\n\n\n\n<p class=\"has-text-align-left has-normal-font-size\">Jo\u00ebl est l\u00e0 en avril, mais aussi tous les autres mois de l\u2019ann\u00e9e&nbsp;! En revanche, si vous souhaitez avoir affaire \u00e0 lui, son jour, c\u2019est le mardi. Pour le plaisir de bien commencer la semaine, tout en douceur.<\/p>\n\n\n\n<blockquote class=\"wp-block-quote has-text-align-left is-layout-flow wp-block-quote-is-layout-flow\"><p><em>&#8220;Le mardi au soleil, c&#8217;est une chose qu&#8217;on aura jamais. <\/em>&#8220;<\/p><\/blockquote>\n<\/div><\/div>\n\n\n\n<hr class=\"wp-block-separator has-text-color has-background is-style-default\" style=\"background-color:#328387;color:#328387\"\/>\n\n\n\n<div class=\"wp-block-media-text alignwide is-vertically-aligned-top\" style=\"grid-template-columns:19% auto\"><figure class=\"wp-block-media-text__media\"><img data-recalc-dims=\"1\" loading=\"lazy\" decoding=\"async\" width=\"760\" height=\"845\" src=\"https:\/\/i0.wp.com\/www.wor.air-asso.org\/wp-content\/uploads\/2019\/10\/Nath.jpg?resize=760%2C845\" alt=\"\" class=\"wp-image-993 size-full\" srcset=\"https:\/\/i0.wp.com\/www.air-asso.org\/wp-content\/uploads\/2019\/10\/Nath.jpg?w=863&amp;ssl=1 863w, https:\/\/i0.wp.com\/www.air-asso.org\/wp-content\/uploads\/2019\/10\/Nath.jpg?resize=270%2C300&amp;ssl=1 270w, https:\/\/i0.wp.com\/www.air-asso.org\/wp-content\/uploads\/2019\/10\/Nath.jpg?resize=768%2C853&amp;ssl=1 768w\" sizes=\"auto, (max-width: 760px) 100vw, 760px\" \/><\/figure><div class=\"wp-block-media-text__content\">\n<p class=\"has-text-color has-medium-font-size\" style=\"color:#328387\"><strong>Nathalie PUECH<\/strong>, tr\u00e9sori\u00e8re<\/p>\n\n\n\n<p>Si pour vous, gestionnaire rime avec aust\u00e8re et administratif avec r\u00e9barbatif, c&#8217;est que vous ne connaissez pas Nathalie ! Elle a l&#8217;art d&#8217;allier rigueur et sourire, fiabilit\u00e9 et d\u00e9contraction, avec m\u00eame un petit c\u00f4t\u00e9 rock n&#8217;roll !<\/p>\n\n\n\n<blockquote class=\"wp-block-quote is-layout-flow wp-block-quote-is-layout-flow\"><p><em>\u00ab&nbsp;Comptable : personne qui r\u00e9sout un probl\u00e8me dont tu ne connaissais pas l&#8217;existence, d&#8217;une mani\u00e8re que tu ne comprends pas. \u00bb<\/em><\/p><\/blockquote>\n<\/div><\/div>\n\n\n\n<hr class=\"wp-block-separator has-text-color has-background is-style-default\" style=\"background-color:#328387;color:#328387\"\/>\n\n\n\n<div class=\"wp-block-media-text alignwide is-vertically-aligned-top\" style=\"grid-template-columns:19% auto\"><figure class=\"wp-block-media-text__media\"><img data-recalc-dims=\"1\" loading=\"lazy\" decoding=\"async\" width=\"760\" height=\"1013\" src=\"https:\/\/i0.wp.com\/www.wor.air-asso.org\/wp-content\/uploads\/2019\/10\/Cherif-Ch%C3%A9katt.jpg?resize=760%2C1013\" alt=\"Photo visage Cherif Chekatt\" class=\"wp-image-1080 size-full\" srcset=\"https:\/\/i0.wp.com\/www.air-asso.org\/wp-content\/uploads\/2019\/10\/Cherif-Ch%C3%A9katt.jpg?w=1416&amp;ssl=1 1416w, https:\/\/i0.wp.com\/www.air-asso.org\/wp-content\/uploads\/2019\/10\/Cherif-Ch%C3%A9katt.jpg?resize=225%2C300&amp;ssl=1 225w, https:\/\/i0.wp.com\/www.air-asso.org\/wp-content\/uploads\/2019\/10\/Cherif-Ch%C3%A9katt.jpg?resize=768%2C1024&amp;ssl=1 768w\" sizes=\"auto, (max-width: 760px) 100vw, 760px\" \/><\/figure><div class=\"wp-block-media-text__content\">\n<p class=\"has-text-align-left has-medium-font-size\"><span style=\"color: #328387;\" class=\"tadv-color\"><strong>Cherif  CHEKATT<\/strong>, formateur<\/span><\/p>\n\n\n\n<p class=\"has-text-align-left\">Quand Cherif appara\u00eet derri\u00e8re sa canne blanche, d&#8217;un pas ferme et l&#8217;air serein, on sait qu&#8217;on peut lui faire confiance. Fiable, d\u00e9tendu, rassurant, il joue sa partition chez A.I.R. en duo (sa sp\u00e9cialit\u00e9 : les cours d&#8217;Iphone) et au dehors en groupe car c&#8217;est un bassiste accompli. Ce fid\u00e8le de A.I.R. est aussi un incorrigible blagueur, jamais \u00e0 court de jeu de mots.<\/p>\n\n\n\n<blockquote class=\"wp-block-quote is-layout-flow wp-block-quote-is-layout-flow\"><p><em>\u00ab&nbsp;Monsieur et madame F\u00e9mo\u00e2peur ont un fils, comment s&#8217;appelle-t-il ? \u00bb<\/em><\/p><\/blockquote>\n<\/div><\/div>\n\n\n\n<hr class=\"wp-block-separator has-text-color has-background is-style-default\" style=\"background-color:#328387;color:#328387\"\/>\n\n\n\n<div class=\"wp-block-media-text alignwide is-vertically-aligned-top\" style=\"grid-template-columns:19% auto\"><figure class=\"wp-block-media-text__media\"><img data-recalc-dims=\"1\" loading=\"lazy\" decoding=\"async\" width=\"674\" height=\"720\" src=\"https:\/\/i0.wp.com\/www.air-asso.org\/wp-content\/uploads\/2021\/03\/WIN_20210322_17_39_03_Pro.jpg?resize=674%2C720&#038;ssl=1\" alt=\"\" class=\"wp-image-1347 size-full\" srcset=\"https:\/\/i0.wp.com\/www.air-asso.org\/wp-content\/uploads\/2021\/03\/WIN_20210322_17_39_03_Pro.jpg?w=674&amp;ssl=1 674w, https:\/\/i0.wp.com\/www.air-asso.org\/wp-content\/uploads\/2021\/03\/WIN_20210322_17_39_03_Pro.jpg?resize=281%2C300&amp;ssl=1 281w, https:\/\/i0.wp.com\/www.air-asso.org\/wp-content\/uploads\/2021\/03\/WIN_20210322_17_39_03_Pro.jpg?resize=374%2C400&amp;ssl=1 374w\" sizes=\"auto, (max-width: 674px) 100vw, 674px\" \/><\/figure><div class=\"wp-block-media-text__content\">\n<p class=\"has-text-align-left has-medium-font-size\"><span class=\"tadv-color\" style=\"color: #328387;\"><strong>Christine H<\/strong><\/span><strong><span class=\"tadv-color\" style=\"color: #328387;\">\u00c9<\/span><\/strong><span class=\"tadv-color\" style=\"color: #328387;\"><strong>NAULT<\/strong>, formatrice<\/span><\/p>\n\n\n\n<p class=\"has-text-align-left\">Si Christine s\u2019est int\u00e9ress\u00e9e \u00e0 l\u2019informatique accessible, c&#8217;est gr\u00e2ce \u00e0 son fils aveugle. Elle ma\u00eetrise aussi le braille qui, pour elle, est un jeu d&#8217;enfant ! Eh oui&#8230; elle s\u2019est beaucoup investie dans la cr\u00e9ation et l&#8217;adaptation de jeux de soci\u00e9t\u00e9 pour que voyants et non-voyants puissent jouer ensemble.<\/p>\n\n\n\n<blockquote class=\"wp-block-quote has-text-align-left is-layout-flow wp-block-quote-is-layout-flow\"><p><em>&nbsp;\u00ab Un peu de nous apporte beaucoup \u00bb<\/em><\/p><\/blockquote>\n<\/div><\/div>\n\n\n\n<hr class=\"wp-block-separator has-text-color has-background is-style-default\" style=\"background-color:#328387;color:#328387\"\/>\n\n\n\n<div class=\"wp-block-media-text alignwide is-vertically-aligned-top\" style=\"grid-template-columns:18% auto\"><figure class=\"wp-block-media-text__media\"><img data-recalc-dims=\"1\" loading=\"lazy\" decoding=\"async\" width=\"760\" height=\"1045\" src=\"https:\/\/i0.wp.com\/www.wor.air-asso.org\/wp-content\/uploads\/2019\/10\/Portrait-Roland-Lardeau.jpg?resize=760%2C1045\" alt=\"Photo visage Roland Lardeau\" class=\"wp-image-1082 size-full\" srcset=\"https:\/\/i0.wp.com\/www.air-asso.org\/wp-content\/uploads\/2019\/10\/Portrait-Roland-Lardeau.jpg?w=896&amp;ssl=1 896w, https:\/\/i0.wp.com\/www.air-asso.org\/wp-content\/uploads\/2019\/10\/Portrait-Roland-Lardeau.jpg?resize=218%2C300&amp;ssl=1 218w, https:\/\/i0.wp.com\/www.air-asso.org\/wp-content\/uploads\/2019\/10\/Portrait-Roland-Lardeau.jpg?resize=768%2C1056&amp;ssl=1 768w, https:\/\/i0.wp.com\/www.air-asso.org\/wp-content\/uploads\/2019\/10\/Portrait-Roland-Lardeau.jpg?resize=745%2C1024&amp;ssl=1 745w\" sizes=\"auto, (max-width: 760px) 100vw, 760px\" \/><\/figure><div class=\"wp-block-media-text__content\">\n<p class=\"has-text-align-left has-text-color has-medium-font-size\" style=\"color:#328387\"><strong>Roland LARDEAU<\/strong>, formateur<\/p>\n\n\n\n<p class=\"has-text-align-left\">Roland est un pilier d&#8217;A.I.R., notre formateur \u00e0 tous ! Son secret pour \u00eatre si performant ? L&#8217;entra\u00eenement. Non-voyant, il pratique quotidiennement depuis l&#8217;enfance. Alors, forc\u00e9ment, l&#8217;ordinateur n&#8217;a plus de secret pour lui ! Il est aussi passionn\u00e9 de bricolage, domaine dans lequel il excelle, de musique, et de balades en for\u00eat&#8230; la nuit !<\/p>\n\n\n\n<blockquote class=\"wp-block-quote has-text-align-left is-layout-flow wp-block-quote-is-layout-flow\"><p><em><em>\u00ab&nbsp;<\/em>Ne te fais pas plus aveugle que tu n&#8217;es ! Confucius a dit qu&#8217;on a deux vie : la deuxi\u00e8me commence quand on se rend compte qu&#8217;on n&#8217;en a qu&#8217;une. <em>\u00bb<\/em><\/em><\/p><\/blockquote>\n<\/div><\/div>\n\n\n\n<hr class=\"wp-block-separator has-text-color has-background is-style-default\" style=\"background-color:#328387;color:#328387\"\/>\n\n\n\n<div class=\"wp-block-media-text alignwide is-stacked-on-mobile is-vertically-aligned-top\" style=\"grid-template-columns:18% auto\"><figure class=\"wp-block-media-text__media\"><img data-recalc-dims=\"1\" loading=\"lazy\" decoding=\"async\" width=\"760\" height=\"918\" src=\"https:\/\/i0.wp.com\/www.air-asso.org\/wp-content\/uploads\/2019\/10\/Kamel-1.jpg?resize=760%2C918&#038;ssl=1\" alt=\"Photo visage de Kamel Sarbaji\" class=\"wp-image-1002 size-full\" srcset=\"https:\/\/i0.wp.com\/www.air-asso.org\/wp-content\/uploads\/2019\/10\/Kamel-1.jpg?resize=848%2C1024&amp;ssl=1 848w, https:\/\/i0.wp.com\/www.air-asso.org\/wp-content\/uploads\/2019\/10\/Kamel-1.jpg?resize=248%2C300&amp;ssl=1 248w, https:\/\/i0.wp.com\/www.air-asso.org\/wp-content\/uploads\/2019\/10\/Kamel-1.jpg?resize=768%2C927&amp;ssl=1 768w, https:\/\/i0.wp.com\/www.air-asso.org\/wp-content\/uploads\/2019\/10\/Kamel-1.jpg?resize=1568%2C1893&amp;ssl=1 1568w, https:\/\/i0.wp.com\/www.air-asso.org\/wp-content\/uploads\/2019\/10\/Kamel-1.jpg?w=1968&amp;ssl=1 1968w\" sizes=\"auto, (max-width: 760px) 100vw, 760px\" \/><\/figure><div class=\"wp-block-media-text__content\">\n<p class=\"has-text-align-left has-medium-font-size\"><span class=\"tadv-color\" style=\"color: #328387;\"><strong><strong>Kamel SARBAJI<\/strong><\/strong>, formateur<\/span><\/p>\n\n\n\n<p class=\"has-text-align-left\">Amuseur, charmeur, gu\u00e9risseur, conteur, sauveur, (malvoyeur ?)\u2026 Kamel sait jouer de toutes les cordes. Au fait, en plus des cours d\u2019informatique et de t\u00e9l\u00e9phonie, il pourra aussi vous donner des cours de guitare, c\u2019est son second m\u00e9tier.<\/p>\n\n\n\n<blockquote class=\"wp-block-quote has-text-align-left is-layout-flow wp-block-quote-is-layout-flow\"><p><em><em>\u00ab&nbsp;Faites-moi confiance, je connais la musique !<\/em><\/em><br><em><em>Se d\u00e9courager n\u2019est pas fran\u00e7ais : tant qu\u2019on n\u2019a pas tout essay\u00e9, on n\u2019a encore rien fait !&nbsp;\u00bb<\/em><\/em><\/p><\/blockquote>\n<\/div><\/div>\n\n\n\n<hr class=\"wp-block-separator has-text-color has-background\" style=\"background-color:#328387;color:#328387\"\/>\n\n\n\n<div class=\"wp-block-media-text alignwide is-stacked-on-mobile is-vertically-aligned-top\" style=\"grid-template-columns:18% auto\"><figure class=\"wp-block-media-text__media\"><img data-recalc-dims=\"1\" loading=\"lazy\" decoding=\"async\" width=\"162\" height=\"200\" src=\"https:\/\/i0.wp.com\/www.air-asso.org\/wp-content\/uploads\/2019\/10\/St%C3%A9phane.jpg?resize=162%2C200&#038;ssl=1\" alt=\"Photo visage St\u00e9phane Sardano\" class=\"wp-image-996 size-full\"\/><\/figure><div class=\"wp-block-media-text__content\">\n<p class=\"has-text-align-left has-text-color has-medium-font-size\" style=\"color:#328387\"><strong>St\u00e9phane SARDANO<\/strong>, responsable logistique<\/p>\n\n\n\n<p class=\"has-text-align-left\">Allo, St\u00e9phane ? Je crois qu\u2019on a une fuite sous le lavabo. St\u00e9phane ? Tu pourras t\u2019occuper de l\u2019armoire, s\u2019il te plait ? St\u00e9phane ? Super, ton document p\u00e9dagogique ! Quand il n\u2019est pas aux petits soins pour assurer le confort de la famille A.I.R., ce formateur \u00e0 la RATP nous fait profiter de ses 20 ans d\u2019exp\u00e9rience qui font de lui un pr\u00e9cieux conseiller technique et p\u00e9dagogique.<\/p>\n\n\n\n<blockquote class=\"wp-block-quote has-text-align-left is-layout-flow wp-block-quote-is-layout-flow\"><p><em>\u00ab&nbsp;Station A.I.R., \u00e7a roule !&nbsp;\u00bb<\/em><\/p><\/blockquote>\n<\/div><\/div>\n\n\n\n<hr class=\"wp-block-separator has-text-color has-background is-style-default\" style=\"background-color:#328387;color:#328387\"\/>\n\n\n\n<div class=\"wp-block-media-text alignwide is-stacked-on-mobile is-vertically-aligned-top\" style=\"grid-template-columns:18% auto\"><figure class=\"wp-block-media-text__media\"><img data-recalc-dims=\"1\" loading=\"lazy\" decoding=\"async\" width=\"760\" height=\"760\" src=\"https:\/\/i0.wp.com\/www.air-asso.org\/wp-content\/uploads\/2019\/10\/IMG_09251.jpg?resize=760%2C760&#038;ssl=1\" alt=\"Photo visage Pierre S\u00e9vile\" class=\"wp-image-994 size-full\" srcset=\"https:\/\/i0.wp.com\/www.air-asso.org\/wp-content\/uploads\/2019\/10\/IMG_09251.jpg?w=1024&amp;ssl=1 1024w, https:\/\/i0.wp.com\/www.air-asso.org\/wp-content\/uploads\/2019\/10\/IMG_09251.jpg?resize=150%2C150&amp;ssl=1 150w, https:\/\/i0.wp.com\/www.air-asso.org\/wp-content\/uploads\/2019\/10\/IMG_09251.jpg?resize=300%2C300&amp;ssl=1 300w, https:\/\/i0.wp.com\/www.air-asso.org\/wp-content\/uploads\/2019\/10\/IMG_09251.jpg?resize=768%2C768&amp;ssl=1 768w\" sizes=\"auto, (max-width: 760px) 100vw, 760px\" \/><\/figure><div class=\"wp-block-media-text__content\">\n<p class=\"has-text-align-left has-medium-font-size\"><span class=\"tadv-color\" style=\"color: #328387;\"><strong>Pierre S\u00c9VILE<\/strong>, support informatique<\/span><\/p>\n\n\n\n<p class=\"has-text-align-left\">Qui a dit que les cordonniers seraient les plus mal chauss\u00e9s ? Pierre fait mentir la l\u00e9gende. Malvoyant, il bichonne et fait \u00e9voluer notre configuration informatique, mat\u00e9riel et logiciels, dans le respect des sp\u00e9cificit\u00e9s de la d\u00e9ficience visuelle, qu\u2019il connait bien.<\/p>\n\n\n\n<blockquote class=\"wp-block-quote has-text-align-left is-layout-flow wp-block-quote-is-layout-flow\"><p><em>\u00ab&nbsp;Apr\u00e8s avoir pass\u00e9 ma vie professionnelle \u00e0 faire oublier mon handicap, quel plaisir de le mettre \u00e0 profit au service des autres, dans une ambiance d\u00e9tendue et constructive ! \u00bb<\/em><\/p><\/blockquote>\n<\/div><\/div>\n\n\n\n<div class=\"wp-block-media-text alignwide is-vertically-aligned-top\" style=\"grid-template-columns: 19% auto;\">\n<figure class=\"wp-block-media-text__media\"><\/figure>\n<div class=\"wp-block-media-text__content\">\u00a0<\/div>\n<\/div>\n","protected":false},"excerpt":{"rendered":"<p>Jean-Fran\u00e7ois GRELIER, Pr\u00e9sident Malvoyant, Jean-Fran\u00e7ois a pris des cours \u00e0 l&#8217;association&#8230; et ne l\u2019a plus quitt\u00e9e ! B\u00e9n\u00e9vole de longue date, notre pr\u00e9sident nous apporte sa z\u00e9nitude \u00e0 toute \u00e9preuve, sa clairvoyance du monde des&hellip; <a href=\"https:\/\/www.air-asso.org\/index.php\/lequipe\/\">Plus<\/a><\/p>\n","protected":false},"author":2,"featured_media":0,"parent":0,"menu_order":0,"comment_status":"closed","ping_status":"closed","template":"","meta":{"om_disable_all_campaigns":false,"footnotes":""},"class_list":["post-940","page","type-page","status-publish","hentry"],"aioseo_notices":[],"jetpack_sharing_enabled":true,"_links":{"self":[{"href":"https:\/\/www.air-asso.org\/index.php\/wp-json\/wp\/v2\/pages\/940","targetHints":{"allow":["GET"]}}],"collection":[{"href":"https:\/\/www.air-asso.org\/index.php\/wp-json\/wp\/v2\/pages"}],"about":[{"href":"https:\/\/www.air-asso.org\/index.php\/wp-json\/wp\/v2\/types\/page"}],"author":[{"embeddable":true,"href":"https:\/\/www.air-asso.org\/index.php\/wp-json\/wp\/v2\/users\/2"}],"replies":[{"embeddable":true,"href":"https:\/\/www.air-asso.org\/index.php\/wp-json\/wp\/v2\/comments?post=940"}],"version-history":[{"count":33,"href":"https:\/\/www.air-asso.org\/index.php\/wp-json\/wp\/v2\/pages\/940\/revisions"}],"predecessor-version":[{"id":1364,"href":"https:\/\/www.air-asso.org\/index.php\/wp-json\/wp\/v2\/pages\/940\/revisions\/1364"}],"wp:attachment":[{"href":"https:\/\/www.air-asso.org\/index.php\/wp-json\/wp\/v2\/media?parent=940"}],"curies":[{"name":"wp","href":"https:\/\/api.w.org\/{rel}","templated":true}]}}